{"id":25486,"date":"2025-01-28T11:34:53","date_gmt":"2025-01-28T11:34:53","guid":{"rendered":"https:\/\/www.svalbardblues.com\/dsb\/artists\/blatt-og-ratt\/"},"modified":"2026-02-23T21:55:54","modified_gmt":"2026-02-23T21:55:54","slug":"blatt-og-ratt","status":"publish","type":"page","link":"https:\/\/www.svalbardblues.com\/de\/dsb\/artister\/blatt-og-ratt\/","title":{"rendered":"Blau &amp; Roh (NO)"},"content":{"rendered":"\n<p class=\"has-drop-cap\">Bl\u00e5tt &amp; R\u00e5tt, die 1991 in Finnsnes in Troms gegr\u00fcndet wurden, spielen Rock und Bluesrock mit nordnorwegischen Texten. N\u00e4chstes Jahr feiern sie den 30. Jahrestag ihres selbstbetitelten Deb\u00fctalbums und haben seither sieben Studioalben ver\u00f6ffentlicht.  Der Song &#8222;Oppned&#8220; aus dem gleichnamigen Album von 1999 hat fast 300.000 Aufrufe auf Spotify. Der Song &#8222;Fritt vilt&#8220; (2005) ist Teil des Soundtracks zum Netflix-Film &#8222;Vikingulven&#8220;. <\/p>\n\n<p>Die Ver\u00f6ffentlichung des Albums &#8222;Kj\u00f8ter&#8220; im Jahr 2009 markierte den Beginn der Zusammenarbeit mit dem Schweden Janne Bark, der 25 Jahre lang Ulf Lundells Stammgitarrist war. Bark hat seitdem mehrere Tourneen mit der Band durch Norwegen unternommen. Auf dem Konzertalbum &#8222;S\u00e5 lenge det er live&#8220; (2011) singt er sowohl die Songs der Band als auch sein eigenes Material.  <\/p>\n\n<p>Nach der Ver\u00f6ffentlichung des Albums &#8222;Stifinner&#8220; im Jahr 2013 und einer anschlie\u00dfenden Tournee wurde beschlossen, dass sich die Band zur\u00fcckziehen w\u00fcrde. Die Pause dauerte nur drei Jahre, und 2020 wurde das Album &#8222;Peace, Love &amp; kr\u00e5kegull&#8220; ver\u00f6ffentlicht. Es wird berichtet, dass die Band an einem neuen Album arbeitet, und jetzt k\u00f6nnen sie auch Dark Season Blues zu ihrem Konzertlebenslauf hinzuf\u00fcgen.    <\/p>\n\n<p class=\"has-text-align-center has-background\" style=\"background-color:#e2e2e2;font-size:12px\"><strong>Dark Season Blues\u00a92025<\/strong><\/p>\n","protected":false},"excerpt":{"rendered":"<p>Bl\u00e5tt &amp; R\u00e5tt, die 1991 in Finnsnes in Troms gegr\u00fcndet wurden, spielen Rock und Bluesrock mit nordnorwegischen Texten. N\u00e4chstes Jahr feiern sie den 30. Jahrestag ihres selbstbetitelten Deb\u00fctalbums und haben seither sieben Studioalben ver\u00f6ffentlicht. Der Song &#8222;Oppned&#8220; aus dem gleichnamigen Album von 1999 hat fast 300.000 Aufrufe auf Spotify. Der Song &#8222;Fritt vilt&#8220; (2005) ist &#8230; <\/p>\n<p class=\"read-more-container\"><a title=\"Blau &amp; Roh (NO)\" class=\"read-more button\" href=\"https:\/\/www.svalbardblues.com\/de\/dsb\/artister\/blatt-og-ratt\/#more-25486\" aria-label=\"Mehr Informationen \u00fcber Blau &amp; Roh (NO)\">Read more<\/a><\/p>\n","protected":false},"author":1,"featured_media":25488,"parent":24596,"menu_order":0,"comment_status":"closed","ping_status":"closed","template":"","meta":{"inline_featured_image":false,"footnotes":""},"class_list":["post-25486","page","type-page","status-publish","has-post-thumbnail"],"yoast_head":"<!-- This site is optimized with the Yoast SEO Premium plugin v26.2 (Yoast SEO v27.4) - https:\/\/yoast.com\/product\/yoast-seo-premium-wordpress\/ -->\n<title>Blau &amp; Roh (NO) | Dark Season Blues - SVALBARD<\/title>\n<meta name=\"description\" content=\"Bl\u00e5tt &amp; R\u00e5tt, die 1991 in Finnsnes in Troms gegr\u00fcndet wurden, spielen Rock und Bluesrock mit nordnorwegischen Texten. N\u00e4chstes Jahr feiern sie den 30. Jahrestag ihres selbstbetitelten Deb\u00fctalbums und haben seither sieben Studioalben ver\u00f6ffentlicht.\" \/>\n<meta name=\"robots\" content=\"index, follow, max-snippet:-1, max-image-preview:large, max-video-preview:-1\" \/>\n<link rel=\"canonical\" href=\"https:\/\/www.svalbardblues.com\/de\/dsb\/artister\/blatt-og-ratt\/\" \/>\n<meta property=\"og:locale\" content=\"de_DE\" \/>\n<meta property=\"og:type\" content=\"article\" \/>\n<meta property=\"og:title\" content=\"Blau &amp; Roh (NO)\" \/>\n<meta property=\"og:description\" content=\"Bl\u00e5tt &amp; R\u00e5tt, die 1991 in Finnsnes in Troms gegr\u00fcndet wurden, spielen Rock und Bluesrock mit nordnorwegischen Texten. N\u00e4chstes Jahr feiern sie den 30. Jahrestag ihres selbstbetitelten Deb\u00fctalbums und haben seither sieben Studioalben ver\u00f6ffentlicht.\" \/>\n<meta property=\"og:url\" content=\"https:\/\/www.svalbardblues.com\/de\/dsb\/artister\/blatt-og-ratt\/\" \/>\n<meta property=\"og:site_name\" content=\"Dark Season Blues | SVALBARD\" \/>\n<meta property=\"article:publisher\" content=\"https:\/\/www.facebook.com\/DarkSeasonBlues\" \/>\n<meta property=\"article:modified_time\" content=\"2026-02-23T21:55:54+00:00\" \/>\n<meta property=\"og:image\" content=\"https:\/\/www.svalbardblues.com\/wp-content\/uploads\/2025\/10\/DSB_Illustrasjon_med_Baltt-Ratt-1024x532.jpg\" \/>\n<meta name=\"twitter:label1\" content=\"Gesch\u00e4tzte Lesezeit\" \/>\n\t<meta name=\"twitter:data1\" content=\"1\u00a0Minute\" \/>\n<script type=\"application\/ld+json\" class=\"yoast-schema-graph\">{\"@context\":\"https:\\\/\\\/schema.org\",\"@graph\":[{\"@type\":\"WebPage\",\"@id\":\"https:\\\/\\\/www.svalbardblues.com\\\/de\\\/dsb\\\/artister\\\/blatt-og-ratt\\\/\",\"url\":\"https:\\\/\\\/www.svalbardblues.com\\\/de\\\/dsb\\\/artister\\\/blatt-og-ratt\\\/\",\"name\":\"Blau &amp; Roh (NO) | Dark Season Blues - SVALBARD\",\"isPartOf\":{\"@id\":\"https:\\\/\\\/www.svalbardblues.com\\\/de\\\/#website\"},\"primaryImageOfPage\":{\"@id\":\"https:\\\/\\\/www.svalbardblues.com\\\/de\\\/dsb\\\/artister\\\/blatt-og-ratt\\\/#primaryimage\"},\"image\":{\"@id\":\"https:\\\/\\\/www.svalbardblues.com\\\/de\\\/dsb\\\/artister\\\/blatt-og-ratt\\\/#primaryimage\"},\"thumbnailUrl\":\"https:\\\/\\\/www.svalbardblues.com\\\/wp-content\\\/uploads\\\/2025\\\/01\\\/Blatt-Ratt-Dark-Season-Blues-2025-1200x.webp\",\"datePublished\":\"2025-01-28T11:34:53+00:00\",\"dateModified\":\"2026-02-23T21:55:54+00:00\",\"description\":\"Bl\u00e5tt & R\u00e5tt, die 1991 in Finnsnes in Troms gegr\u00fcndet wurden, spielen Rock und Bluesrock mit nordnorwegischen Texten. N\u00e4chstes Jahr feiern sie den 30. Jahrestag ihres selbstbetitelten Deb\u00fctalbums und haben seither sieben Studioalben ver\u00f6ffentlicht.\",\"breadcrumb\":{\"@id\":\"https:\\\/\\\/www.svalbardblues.com\\\/de\\\/dsb\\\/artister\\\/blatt-og-ratt\\\/#breadcrumb\"},\"inLanguage\":\"de\",\"potentialAction\":[{\"@type\":\"ReadAction\",\"target\":[\"https:\\\/\\\/www.svalbardblues.com\\\/de\\\/dsb\\\/artister\\\/blatt-og-ratt\\\/\"]}]},{\"@type\":\"ImageObject\",\"inLanguage\":\"de\",\"@id\":\"https:\\\/\\\/www.svalbardblues.com\\\/de\\\/dsb\\\/artister\\\/blatt-og-ratt\\\/#primaryimage\",\"url\":\"https:\\\/\\\/www.svalbardblues.com\\\/wp-content\\\/uploads\\\/2025\\\/01\\\/Blatt-Ratt-Dark-Season-Blues-2025-1200x.webp\",\"contentUrl\":\"https:\\\/\\\/www.svalbardblues.com\\\/wp-content\\\/uploads\\\/2025\\\/01\\\/Blatt-Ratt-Dark-Season-Blues-2025-1200x.webp\",\"width\":1200,\"height\":721,\"caption\":\"Bl\u00e5tt & R\u00e5tt (NO\"},{\"@type\":\"BreadcrumbList\",\"@id\":\"https:\\\/\\\/www.svalbardblues.com\\\/de\\\/dsb\\\/artister\\\/blatt-og-ratt\\\/#breadcrumb\",\"itemListElement\":[{\"@type\":\"ListItem\",\"position\":1,\"name\":\"Hjem\",\"item\":\"https:\\\/\\\/www.svalbardblues.com\\\/de\\\/\"},{\"@type\":\"ListItem\",\"position\":2,\"name\":\"Dunkle Jahreszeit Blues Spitzbergen\",\"item\":\"https:\\\/\\\/www.svalbardblues.com\\\/de\\\/dsb\\\/\"},{\"@type\":\"ListItem\",\"position\":3,\"name\":\"K\u00fcnstler | Dunkle Jahreszeit Blues 2026\",\"item\":\"https:\\\/\\\/www.svalbardblues.com\\\/de\\\/dsb\\\/artister\\\/\"},{\"@type\":\"ListItem\",\"position\":4,\"name\":\"Blau &amp; Roh (NO)\"}]},{\"@type\":\"WebSite\",\"@id\":\"https:\\\/\\\/www.svalbardblues.com\\\/de\\\/#website\",\"url\":\"https:\\\/\\\/www.svalbardblues.com\\\/de\\\/\",\"name\":\"Dark Season Blues | SVALBARD\",\"description\":\"The World&#039;s Northenmost Blues Festival\",\"publisher\":{\"@id\":\"https:\\\/\\\/www.svalbardblues.com\\\/de\\\/#organization\"},\"potentialAction\":[{\"@type\":\"SearchAction\",\"target\":{\"@type\":\"EntryPoint\",\"urlTemplate\":\"https:\\\/\\\/www.svalbardblues.com\\\/de\\\/?s={search_term_string}\"},\"query-input\":{\"@type\":\"PropertyValueSpecification\",\"valueRequired\":true,\"valueName\":\"search_term_string\"}}],\"inLanguage\":\"de\"},{\"@type\":\"Organization\",\"@id\":\"https:\\\/\\\/www.svalbardblues.com\\\/de\\\/#organization\",\"name\":\"Dark Season Blues\",\"url\":\"https:\\\/\\\/www.svalbardblues.com\\\/de\\\/\",\"logo\":{\"@type\":\"ImageObject\",\"inLanguage\":\"de\",\"@id\":\"https:\\\/\\\/www.svalbardblues.com\\\/de\\\/#\\\/schema\\\/logo\\\/image\\\/\",\"url\":\"https:\\\/\\\/www.svalbardblues.com\\\/wp-content\\\/uploads\\\/2017\\\/06\\\/DSB2017-Illustrasjon-620.jpg\",\"contentUrl\":\"https:\\\/\\\/www.svalbardblues.com\\\/wp-content\\\/uploads\\\/2017\\\/06\\\/DSB2017-Illustrasjon-620.jpg\",\"width\":620,\"height\":488,\"caption\":\"Dark Season Blues\"},\"image\":{\"@id\":\"https:\\\/\\\/www.svalbardblues.com\\\/de\\\/#\\\/schema\\\/logo\\\/image\\\/\"},\"sameAs\":[\"https:\\\/\\\/www.facebook.com\\\/DarkSeasonBlues\",\"https:\\\/\\\/x.com\\\/DarkSeasonBlues\",\"https:\\\/\\\/www.instagram.com\\\/darkseasonblues\\\/\",\"https:\\\/\\\/no.wikipedia.org\\\/wiki\\\/Dark_Season_Blues\"]}]}<\/script>\n<!-- \/ Yoast SEO Premium plugin. -->","yoast_head_json":{"title":"Blau &amp; Roh (NO) | Dark Season Blues - SVALBARD","description":"Bl\u00e5tt & R\u00e5tt, die 1991 in Finnsnes in Troms gegr\u00fcndet wurden, spielen Rock und Bluesrock mit nordnorwegischen Texten. N\u00e4chstes Jahr feiern sie den 30. Jahrestag ihres selbstbetitelten Deb\u00fctalbums und haben seither sieben Studioalben ver\u00f6ffentlicht.","robots":{"index":"index","follow":"follow","max-snippet":"max-snippet:-1","max-image-preview":"max-image-preview:large","max-video-preview":"max-video-preview:-1"},"canonical":"https:\/\/www.svalbardblues.com\/de\/dsb\/artister\/blatt-og-ratt\/","og_locale":"de_DE","og_type":"article","og_title":"Blau &amp; Roh (NO)","og_description":"Bl\u00e5tt & R\u00e5tt, die 1991 in Finnsnes in Troms gegr\u00fcndet wurden, spielen Rock und Bluesrock mit nordnorwegischen Texten. N\u00e4chstes Jahr feiern sie den 30. Jahrestag ihres selbstbetitelten Deb\u00fctalbums und haben seither sieben Studioalben ver\u00f6ffentlicht.","og_url":"https:\/\/www.svalbardblues.com\/de\/dsb\/artister\/blatt-og-ratt\/","og_site_name":"Dark Season Blues | SVALBARD","article_publisher":"https:\/\/www.facebook.com\/DarkSeasonBlues","article_modified_time":"2026-02-23T21:55:54+00:00","og_image":[{"url":"https:\/\/www.svalbardblues.com\/wp-content\/uploads\/2025\/10\/DSB_Illustrasjon_med_Baltt-Ratt-1024x532.jpg","type":"","width":"","height":""}],"twitter_misc":{"Gesch\u00e4tzte Lesezeit":"1\u00a0Minute"},"schema":{"@context":"https:\/\/schema.org","@graph":[{"@type":"WebPage","@id":"https:\/\/www.svalbardblues.com\/de\/dsb\/artister\/blatt-og-ratt\/","url":"https:\/\/www.svalbardblues.com\/de\/dsb\/artister\/blatt-og-ratt\/","name":"Blau &amp; Roh (NO) | Dark Season Blues - SVALBARD","isPartOf":{"@id":"https:\/\/www.svalbardblues.com\/de\/#website"},"primaryImageOfPage":{"@id":"https:\/\/www.svalbardblues.com\/de\/dsb\/artister\/blatt-og-ratt\/#primaryimage"},"image":{"@id":"https:\/\/www.svalbardblues.com\/de\/dsb\/artister\/blatt-og-ratt\/#primaryimage"},"thumbnailUrl":"https:\/\/www.svalbardblues.com\/wp-content\/uploads\/2025\/01\/Blatt-Ratt-Dark-Season-Blues-2025-1200x.webp","datePublished":"2025-01-28T11:34:53+00:00","dateModified":"2026-02-23T21:55:54+00:00","description":"Bl\u00e5tt & R\u00e5tt, die 1991 in Finnsnes in Troms gegr\u00fcndet wurden, spielen Rock und Bluesrock mit nordnorwegischen Texten. N\u00e4chstes Jahr feiern sie den 30. Jahrestag ihres selbstbetitelten Deb\u00fctalbums und haben seither sieben Studioalben ver\u00f6ffentlicht.","breadcrumb":{"@id":"https:\/\/www.svalbardblues.com\/de\/dsb\/artister\/blatt-og-ratt\/#breadcrumb"},"inLanguage":"de","potentialAction":[{"@type":"ReadAction","target":["https:\/\/www.svalbardblues.com\/de\/dsb\/artister\/blatt-og-ratt\/"]}]},{"@type":"ImageObject","inLanguage":"de","@id":"https:\/\/www.svalbardblues.com\/de\/dsb\/artister\/blatt-og-ratt\/#primaryimage","url":"https:\/\/www.svalbardblues.com\/wp-content\/uploads\/2025\/01\/Blatt-Ratt-Dark-Season-Blues-2025-1200x.webp","contentUrl":"https:\/\/www.svalbardblues.com\/wp-content\/uploads\/2025\/01\/Blatt-Ratt-Dark-Season-Blues-2025-1200x.webp","width":1200,"height":721,"caption":"Bl\u00e5tt & R\u00e5tt (NO"},{"@type":"BreadcrumbList","@id":"https:\/\/www.svalbardblues.com\/de\/dsb\/artister\/blatt-og-ratt\/#breadcrumb","itemListElement":[{"@type":"ListItem","position":1,"name":"Hjem","item":"https:\/\/www.svalbardblues.com\/de\/"},{"@type":"ListItem","position":2,"name":"Dunkle Jahreszeit Blues Spitzbergen","item":"https:\/\/www.svalbardblues.com\/de\/dsb\/"},{"@type":"ListItem","position":3,"name":"K\u00fcnstler | Dunkle Jahreszeit Blues 2026","item":"https:\/\/www.svalbardblues.com\/de\/dsb\/artister\/"},{"@type":"ListItem","position":4,"name":"Blau &amp; Roh (NO)"}]},{"@type":"WebSite","@id":"https:\/\/www.svalbardblues.com\/de\/#website","url":"https:\/\/www.svalbardblues.com\/de\/","name":"Dark Season Blues | SVALBARD","description":"The World&#039;s Northenmost Blues Festival","publisher":{"@id":"https:\/\/www.svalbardblues.com\/de\/#organization"},"potentialAction":[{"@type":"SearchAction","target":{"@type":"EntryPoint","urlTemplate":"https:\/\/www.svalbardblues.com\/de\/?s={search_term_string}"},"query-input":{"@type":"PropertyValueSpecification","valueRequired":true,"valueName":"search_term_string"}}],"inLanguage":"de"},{"@type":"Organization","@id":"https:\/\/www.svalbardblues.com\/de\/#organization","name":"Dark Season Blues","url":"https:\/\/www.svalbardblues.com\/de\/","logo":{"@type":"ImageObject","inLanguage":"de","@id":"https:\/\/www.svalbardblues.com\/de\/#\/schema\/logo\/image\/","url":"https:\/\/www.svalbardblues.com\/wp-content\/uploads\/2017\/06\/DSB2017-Illustrasjon-620.jpg","contentUrl":"https:\/\/www.svalbardblues.com\/wp-content\/uploads\/2017\/06\/DSB2017-Illustrasjon-620.jpg","width":620,"height":488,"caption":"Dark Season Blues"},"image":{"@id":"https:\/\/www.svalbardblues.com\/de\/#\/schema\/logo\/image\/"},"sameAs":["https:\/\/www.facebook.com\/DarkSeasonBlues","https:\/\/x.com\/DarkSeasonBlues","https:\/\/www.instagram.com\/darkseasonblues\/","https:\/\/no.wikipedia.org\/wiki\/Dark_Season_Blues"]}]}},"_links":{"self":[{"href":"https:\/\/www.svalbardblues.com\/de\/wp-json\/wp\/v2\/pages\/25486","targetHints":{"allow":["GET"]}}],"collection":[{"href":"https:\/\/www.svalbardblues.com\/de\/wp-json\/wp\/v2\/pages"}],"about":[{"href":"https:\/\/www.svalbardblues.com\/de\/wp-json\/wp\/v2\/types\/page"}],"author":[{"embeddable":true,"href":"https:\/\/www.svalbardblues.com\/de\/wp-json\/wp\/v2\/users\/1"}],"replies":[{"embeddable":true,"href":"https:\/\/www.svalbardblues.com\/de\/wp-json\/wp\/v2\/comments?post=25486"}],"version-history":[{"count":1,"href":"https:\/\/www.svalbardblues.com\/de\/wp-json\/wp\/v2\/pages\/25486\/revisions"}],"predecessor-version":[{"id":25489,"href":"https:\/\/www.svalbardblues.com\/de\/wp-json\/wp\/v2\/pages\/25486\/revisions\/25489"}],"up":[{"embeddable":true,"href":"https:\/\/www.svalbardblues.com\/de\/wp-json\/wp\/v2\/pages\/24596"}],"wp:featuredmedia":[{"embeddable":true,"href":"https:\/\/www.svalbardblues.com\/de\/wp-json\/wp\/v2\/media\/25488"}],"wp:attachment":[{"href":"https:\/\/www.svalbardblues.com\/de\/wp-json\/wp\/v2\/media?parent=25486"}],"curies":[{"name":"wp","href":"https:\/\/api.w.org\/{rel}","templated":true}]}}